{"id":523,"date":"2022-07-07T15:17:51","date_gmt":"2022-07-07T13:17:51","guid":{"rendered":"https:\/\/initiativeconduite.com\/?page_id=523"},"modified":"2026-04-07T17:15:07","modified_gmt":"2026-04-07T15:15:07","slug":"nos-agences","status":"publish","type":"page","link":"https:\/\/initiativeconduite.com\/index.php\/nos-agences\/","title":{"rendered":"Nos agences"},"content":{"rendered":"<h3>L&rsquo;auto \u00e9cole Initiative Conduite c&rsquo;est :<\/h3>\n<h1 style=\"text-align: center;\"><span style=\"color: #ff0000;\">4 agences positionn\u00e9es au plus pr\u00e8s de vous. <img loading=\"lazy\" decoding=\"async\" class=\"size-medium wp-image-211 aligncenter\" src=\"https:\/\/initiativeconduite.com\/wp-content\/uploads\/2021\/09\/1631087292838-1-300x247.jpg\" alt=\"\" width=\"300\" height=\"247\" srcset=\"https:\/\/initiativeconduite.com\/wp-content\/uploads\/2021\/09\/1631087292838-1-300x247.jpg 300w, https:\/\/initiativeconduite.com\/wp-content\/uploads\/2021\/09\/1631087292838-1.jpg 494w\" sizes=\"auto, (max-width: 300px) 100vw, 300px\" \/><\/span><\/h1>\n<h2><\/h2>\n<h2><span style=\"color: #000080;\">Prigonrieux :<\/span> notre agence est en plein centre ville, \u00e0 6 minutes ouest de Bergerac<\/h2>\n<h2><img loading=\"lazy\" decoding=\"async\" class=\"size-medium wp-image-459 aligncenter\" src=\"https:\/\/initiativeconduite.com\/wp-content\/uploads\/2022\/02\/AUDI-A1-6-300x225.jpg\" alt=\"\" width=\"300\" height=\"225\" srcset=\"https:\/\/initiativeconduite.com\/wp-content\/uploads\/2022\/02\/AUDI-A1-6-300x225.jpg 300w, https:\/\/initiativeconduite.com\/wp-content\/uploads\/2022\/02\/AUDI-A1-6-1024x768.jpg 1024w, https:\/\/initiativeconduite.com\/wp-content\/uploads\/2022\/02\/AUDI-A1-6-768x576.jpg 768w, https:\/\/initiativeconduite.com\/wp-content\/uploads\/2022\/02\/AUDI-A1-6-1536x1152.jpg 1536w, https:\/\/initiativeconduite.com\/wp-content\/uploads\/2022\/02\/AUDI-A1-6-2048x1536.jpg 2048w\" sizes=\"auto, (max-width: 300px) 100vw, 300px\" \/><\/h2>\n<h2><span style=\"color: #800080;\"><a style=\"color: #800080;\" href=\"https:\/\/initiativeconduite.com\/index.php\/notre-agence-initiative-conduite-prigonrieux\/\" target=\"_blank\" rel=\"noopener\">cliquez ici pour les horaires et les coordonn\u00e9es<\/a><\/span><\/h2>\n<h2 style=\"text-align: center;\">***********************************************************<\/h2>\n<h2><span style=\"color: #000080;\">Bergerac :<\/span> notre agence est \u00e0 cot\u00e9 du Lyc\u00e9e G\u00e9n\u00e9rale et Technologique Maine de Biran (route de Mussidan)<\/h2>\n<h2><img loading=\"lazy\" decoding=\"async\" class=\"size-medium wp-image-563 aligncenter\" src=\"https:\/\/initiativeconduite.com\/wp-content\/uploads\/2022\/09\/IMG_20220807_122005-300x225.jpg\" alt=\"\" width=\"300\" height=\"225\" srcset=\"https:\/\/initiativeconduite.com\/wp-content\/uploads\/2022\/09\/IMG_20220807_122005-300x225.jpg 300w, https:\/\/initiativeconduite.com\/wp-content\/uploads\/2022\/09\/IMG_20220807_122005-1024x768.jpg 1024w, https:\/\/initiativeconduite.com\/wp-content\/uploads\/2022\/09\/IMG_20220807_122005-768x576.jpg 768w, https:\/\/initiativeconduite.com\/wp-content\/uploads\/2022\/09\/IMG_20220807_122005-1536x1152.jpg 1536w, https:\/\/initiativeconduite.com\/wp-content\/uploads\/2022\/09\/IMG_20220807_122005-2048x1536.jpg 2048w\" sizes=\"auto, (max-width: 300px) 100vw, 300px\" \/><\/h2>\n<h2><span style=\"color: #800080;\"><a style=\"color: #800080;\" href=\"https:\/\/initiativeconduite.com\/index.php\/notre-agence-initiative-conduite-lycee-maine-de-biran\/\" target=\"_blank\" rel=\"noopener\">cliquez ici pour les horaires et les coordonn\u00e9es<\/a><\/span><\/h2>\n<h2 style=\"text-align: center;\">***********************************************************<\/h2>\n<h2><span style=\"color: #000080;\">Bergerac :<\/span> notre agence est \u00e0 proximit\u00e9 du Lyc\u00e9e Professionnelle Jean Capelle (route de Monbazillac)<\/h2>\n<h2><img loading=\"lazy\" decoding=\"async\" class=\"size-medium wp-image-647 aligncenter\" src=\"https:\/\/initiativeconduite.com\/wp-content\/uploads\/2023\/08\/IMG_2855-225x300.jpg\" alt=\"\" width=\"225\" height=\"300\" srcset=\"https:\/\/initiativeconduite.com\/wp-content\/uploads\/2023\/08\/IMG_2855-225x300.jpg 225w, https:\/\/initiativeconduite.com\/wp-content\/uploads\/2023\/08\/IMG_2855-768x1024.jpg 768w, https:\/\/initiativeconduite.com\/wp-content\/uploads\/2023\/08\/IMG_2855-1152x1536.jpg 1152w, https:\/\/initiativeconduite.com\/wp-content\/uploads\/2023\/08\/IMG_2855-1536x2048.jpg 1536w, https:\/\/initiativeconduite.com\/wp-content\/uploads\/2023\/08\/IMG_2855-scaled.jpg 1920w\" sizes=\"auto, (max-width: 225px) 100vw, 225px\" \/><\/h2>\n<h2><span style=\"color: #800080;\"><a style=\"color: #800080;\" href=\"https:\/\/initiativeconduite.com\/index.php\/notre-agence-initiative-conduite-rive-gauche-lycee-jean-capelle\/\" target=\"_blank\" rel=\"noopener\">cliquez ici pour les horaires et les coordonn\u00e9es<\/a><\/span><\/h2>\n<h2 style=\"text-align: center;\">***********************************************************<\/h2>\n<h2><span style=\"color: #000080;\">Bergerac :<\/span> notre agence est \u00e0 proximit\u00e9 du Lyc\u00e9e Sainte Marthe Saint Front (route de P\u00e9rigueux)<\/h2>\n<p><img loading=\"lazy\" decoding=\"async\" class=\"alignnone size-medium wp-image-899 aligncenter\" src=\"https:\/\/initiativeconduite.com\/wp-content\/uploads\/2026\/04\/IMG_0749-225x300.jpeg\" alt=\"\" width=\"225\" height=\"300\" srcset=\"https:\/\/initiativeconduite.com\/wp-content\/uploads\/2026\/04\/IMG_0749-225x300.jpeg 225w, https:\/\/initiativeconduite.com\/wp-content\/uploads\/2026\/04\/IMG_0749-768x1024.jpeg 768w, https:\/\/initiativeconduite.com\/wp-content\/uploads\/2026\/04\/IMG_0749-1152x1536.jpeg 1152w, https:\/\/initiativeconduite.com\/wp-content\/uploads\/2026\/04\/IMG_0749-1536x2048.jpeg 1536w, https:\/\/initiativeconduite.com\/wp-content\/uploads\/2026\/04\/IMG_0749-scaled.jpeg 1920w\" sizes=\"auto, (max-width: 225px) 100vw, 225px\" \/><\/p>\n<h2><span style=\"color: #800080;\"><a style=\"color: #800080;\" href=\"https:\/\/initiativeconduite.com\/index.php\/notre-agence-initiative-conduite-lycee-saint-front\/\" target=\"_blank\" rel=\"noopener\">cliquez ici pour nos horaires et coordonn\u00e9es<\/a><\/span><\/h2>\n<p style=\"text-align: left;\">SI VOUS SOUHAITEZ COMMUNIQUER UNE SATISFACTION OU UNE RECLAMATION, CI JOINT LE QUESTIONNAIRE A REMPLIR ET A ENVOYER A L&rsquo;ADRESSE INDIQUEE DESSUS : <a href=\"https:\/\/initiativeconduite.com\/wp-content\/uploads\/2021\/12\/questionnaire-satisfaction-eleve.pdf\">questionnaire satisfaction eleve<\/a><\/p>\n","protected":false},"excerpt":{"rendered":"<p>L&rsquo;auto \u00e9cole Initiative Conduite c&rsquo;est : 4 agences positionn\u00e9es au plus pr\u00e8s de vous. Prigonrieux : notre agence est en plein centre ville, \u00e0 6 minutes ouest de Bergerac cliquez ici pour les horaires et les coordonn\u00e9es *********************************************************** Bergerac : notre agence est \u00e0 cot\u00e9 du Lyc\u00e9e G\u00e9n\u00e9rale et Technologique Maine de Biran (route de [&hellip;]<\/p>\n","protected":false},"author":1,"featured_media":0,"parent":0,"menu_order":0,"comment_status":"closed","ping_status":"closed","template":"","meta":{"footnotes":""},"class_list":["post-523","page","type-page","status-publish","czr-hentry"],"_links":{"self":[{"href":"https:\/\/initiativeconduite.com\/index.php\/wp-json\/wp\/v2\/pages\/523","targetHints":{"allow":["GET"]}}],"collection":[{"href":"https:\/\/initiativeconduite.com\/index.php\/wp-json\/wp\/v2\/pages"}],"about":[{"href":"https:\/\/initiativeconduite.com\/index.php\/wp-json\/wp\/v2\/types\/page"}],"author":[{"embeddable":true,"href":"https:\/\/initiativeconduite.com\/index.php\/wp-json\/wp\/v2\/users\/1"}],"replies":[{"embeddable":true,"href":"https:\/\/initiativeconduite.com\/index.php\/wp-json\/wp\/v2\/comments?post=523"}],"version-history":[{"count":19,"href":"https:\/\/initiativeconduite.com\/index.php\/wp-json\/wp\/v2\/pages\/523\/revisions"}],"predecessor-version":[{"id":914,"href":"https:\/\/initiativeconduite.com\/index.php\/wp-json\/wp\/v2\/pages\/523\/revisions\/914"}],"wp:attachment":[{"href":"https:\/\/initiativeconduite.com\/index.php\/wp-json\/wp\/v2\/media?parent=523"}],"curies":[{"name":"wp","href":"https:\/\/api.w.org\/{rel}","templated":true}]}}